{"id":75,"date":"2019-04-14T12:17:22","date_gmt":"2019-04-14T12:17:22","guid":{"rendered":"http:\/\/schuetzenpumpestich.de\/?page_id=75"},"modified":"2024-08-09T19:03:25","modified_gmt":"2024-08-09T19:03:25","slug":"vorstand","status":"publish","type":"page","link":"https:\/\/schuetzenpumpestich.de\/?page_id=75","title":{"rendered":"Vorstand"},"content":{"rendered":"\n<p><strong>Zur Zeit gliedert sich der Gesch\u00e4ftsf\u00fchrende Vorstand wie folgt:<\/strong><\/p>\n\n\n\n<figure class=\"wp-block-table is-style-stripes\"><table><tbody><tr><td><strong>\ufeffBrudermeister:<\/strong><\/td><td>Oliver&nbsp;&nbsp;Wald<\/td><td><a href=\"brudermeister@schuetzenpumpestich.de\">brudermeister@schuetzenpumpestich.de<\/a><\/td><\/tr><tr><td><strong>Stellvertretende Brudermeisterin:<\/strong><\/td><td>Annika Koch<\/td><td><\/td><\/tr><tr><td><strong>Gesch\u00e4ftsf\u00fchrerin:<\/strong><\/td><td>Petra Frohn<\/td><td>0160\/ 4970881<br><a class=\"docs-creator\" href=\"geschaeftsfuehrung@schuetzenpumpestich.de\">petra.frohn@t-online.de<\/a><\/td><\/tr><tr><td><strong>Kassiererin:<\/strong><\/td><td>Michaela B\u00e4r<\/td><td>02403\/37055<br>michaela.baer66@gmx.net<\/td><\/tr><\/tbody><\/table><\/figure>\n\n\n\n<figure class=\"wp-block-image\"><img loading=\"lazy\" decoding=\"async\" width=\"683\" height=\"1024\" src=\"https:\/\/schuetzenpumpestich.de\/wp-content\/uploads\/2019\/06\/geschaeftsfuehrend-683x1024.jpg\" alt=\"Gesch\u00e4ftsf\u00fchrender Vorstand\" class=\"wp-image-210\" srcset=\"https:\/\/schuetzenpumpestich.de\/wp-content\/uploads\/2019\/06\/geschaeftsfuehrend-683x1024.jpg 683w, https:\/\/schuetzenpumpestich.de\/wp-content\/uploads\/2019\/06\/geschaeftsfuehrend-200x300.jpg 200w, https:\/\/schuetzenpumpestich.de\/wp-content\/uploads\/2019\/06\/geschaeftsfuehrend-768x1151.jpg 768w, https:\/\/schuetzenpumpestich.de\/wp-content\/uploads\/2019\/06\/geschaeftsfuehrend.jpg 1457w\" sizes=\"(max-width: 683px) 100vw, 683px\" \/><figcaption class=\"wp-element-caption\">Kassiererin Michaela B\u00e4r, Brudermeister Oliver Wald, Gesch\u00e4ftsf\u00fchrerin Petra Frohn<\/figcaption><\/figure>\n\n\n\n<p><strong>Geborene Mitglieder:<\/strong><\/p>\n\n\n\n<figure class=\"wp-block-table is-style-stripes\"><table><tbody><tr><td><\/td><td><\/td><td><\/td><\/tr><tr><td><strong>Generalfeldm.:<\/strong><\/td><td>Kaspar Schmitz (verstorben 2024)<\/td><td><\/td><\/tr><tr><td><strong>General:<\/strong><\/td><td>Hans-Peter Bings<\/td><td><\/td><\/tr><tr><td><strong>Kommandant:<\/strong><\/td><td>Oliver Wald<\/td><td><\/td><\/tr><tr><td><\/td><td><\/td><td><\/td><\/tr><\/tbody><\/table><\/figure>\n\n\n\n<figure class=\"wp-block-image\"><img loading=\"lazy\" decoding=\"async\" width=\"683\" height=\"1024\" src=\"https:\/\/schuetzenpumpestich.de\/wp-content\/uploads\/2019\/06\/generalitaet-683x1024.jpg\" alt=\"Generalit\u00e4t\" class=\"wp-image-208\"\/><figcaption class=\"wp-element-caption\">Generalit\u00e4t 2019: Kaspar Schmitz (<strong>+<\/strong>) und Hans-Peter Bings<\/figcaption><\/figure>\n\n\n\n<p><strong>Ansprechpartner Schie\u00dfsport:<\/strong><\/p>\n\n\n\n<figure class=\"wp-block-table is-style-stripes\"><table><tbody><tr><td><strong>1. Schie\u00dfmeister<\/strong><\/td><td>Detlef Frohn<\/td><td><\/td><\/tr><tr><td><strong>2. Schie\u00dfmeister<\/strong><\/td><td>Horst B\u00e4r<\/td><td><\/td><\/tr><\/tbody><\/table><\/figure>\n\n\n\n<hr class=\"wp-block-separator has-css-opacity\"\/>\n","protected":false},"excerpt":{"rendered":"<div class=\"mh-excerpt\"><p>Zur Zeit gliedert sich der Gesch\u00e4ftsf\u00fchrende Vorstand wie folgt: \ufeffBrudermeister: Oliver&nbsp;&nbsp;Wald brudermeister@schuetzenpumpestich.de Stellvertretende Brudermeisterin: Annika Koch Gesch\u00e4ftsf\u00fchrerin: Petra Frohn 0160\/ 4970881petra.frohn@t-online.de Kassiererin: Michaela B\u00e4r 02403\/37055michaela.baer66@gmx.net <a class=\"mh-excerpt-more\" href=\"https:\/\/schuetzenpumpestich.de\/?page_id=75\" title=\"Vorstand\">[&#8230;]<\/a><\/p>\n<\/div>","protected":false},"author":1,"featured_media":0,"parent":0,"menu_order":0,"comment_status":"closed","ping_status":"closed","template":"","meta":{"_price":"","_stock":"","_tribe_ticket_header":"","_tribe_default_ticket_provider":"","_tribe_ticket_capacity":"0","_ticket_start_date":"","_ticket_end_date":"","_tribe_ticket_show_description":"","_tribe_ticket_show_not_going":false,"_tribe_ticket_use_global_stock":"","_tribe_ticket_global_stock_level":"","_global_stock_mode":"","_global_stock_cap":"","_tribe_rsvp_for_event":"","_tribe_ticket_going_count":"","_tribe_ticket_not_going_count":"","_tribe_tickets_list":"[]","_tribe_ticket_has_attendee_info_fields":false,"footnotes":"","_tec_slr_enabled":"","_tec_slr_layout":""},"ticketed":false,"_links":{"self":[{"href":"https:\/\/schuetzenpumpestich.de\/index.php?rest_route=\/wp\/v2\/pages\/75"}],"collection":[{"href":"https:\/\/schuetzenpumpestich.de\/index.php?rest_route=\/wp\/v2\/pages"}],"about":[{"href":"https:\/\/schuetzenpumpestich.de\/index.php?rest_route=\/wp\/v2\/types\/page"}],"author":[{"embeddable":true,"href":"https:\/\/schuetzenpumpestich.de\/index.php?rest_route=\/wp\/v2\/users\/1"}],"replies":[{"embeddable":true,"href":"https:\/\/schuetzenpumpestich.de\/index.php?rest_route=%2Fwp%2Fv2%2Fcomments&post=75"}],"version-history":[{"count":10,"href":"https:\/\/schuetzenpumpestich.de\/index.php?rest_route=\/wp\/v2\/pages\/75\/revisions"}],"predecessor-version":[{"id":696,"href":"https:\/\/schuetzenpumpestich.de\/index.php?rest_route=\/wp\/v2\/pages\/75\/revisions\/696"}],"wp:attachment":[{"href":"https:\/\/schuetzenpumpestich.de\/index.php?rest_route=%2Fwp%2Fv2%2Fmedia&parent=75"}],"curies":[{"name":"wp","href":"https:\/\/api.w.org\/{rel}","templated":true}]}}